{"id":3463032,"date":"2025-04-11T11:45:23","date_gmt":"2025-04-11T09:45:23","guid":{"rendered":"https:\/\/www.parc-marais-poitevin.fr\/wp-content\/uploads\/Capture-decran-2025-04-11-113942.png"},"modified":"2025-08-19T16:58:33","modified_gmt":"2025-08-19T14:58:33","slug":"capture-decran-2025-04-11-113942-2","status":"inherit","type":"attachment","link":"https:\/\/www.parc-marais-poitevin.fr\/en\/water-based-recreation\/expedition-fluviale-dans-le-marais-poitevin\/attachment\/capture-decran-2025-04-11-113942-2","title":{"rendered":"Groupe de jeunes touristes faisant une pause gourmande sur la terrasse d&#8217;un bateau habitable \u00e9lectrique sur la S\u00e8vre niortaise"},"author":93,"featured_media":0,"comment_status":"closed","ping_status":"closed","template":"","meta":{"_acf_changed":false},"class_list":["post-3463032","attachment","type-attachment","status-inherit","hentry"],"acf":[],"yoast_head":"<!-- This site is optimized with the Yoast SEO plugin v27.4 - https:\/\/yoast.com\/product\/yoast-seo-wordpress\/ -->\n<title>Groupe de jeunes touristes faisant une pause gourmande sur la terrasse d&#039;un bateau habitable \u00e9lectrique sur la S\u00e8vre niortaise - Parc naturel r\u00e9gional du Marais Poitevin<\/title>\n<meta name=\"robots\" content=\"noindex, follow\" \/>\n<meta property=\"og:locale\" content=\"en_US\" \/>\n<meta property=\"og:type\" content=\"article\" \/>\n<meta property=\"og:title\" content=\"Groupe de jeunes touristes faisant une pause gourmande sur la terrasse d&#039;un bateau habitable \u00e9lectrique sur la S\u00e8vre niortaise - Parc naturel r\u00e9gional du Marais Poitevin\" \/>\n<meta property=\"og:description\" content=\"\u00a9Kryzalid pnr mp\" \/>\n<meta property=\"og:url\" content=\"https:\/\/www.parc-marais-poitevin.fr\/wp-content\/uploads\/Capture-decran-2025-04-11-113942.png\" \/>\n<meta property=\"og:site_name\" content=\"Parc naturel r\u00e9gional du Marais Poitevin\" \/>\n<meta property=\"article:publisher\" content=\"https:\/\/www.facebook.com\/maraispoitevin\/?hc_ref=ARQeKb9V-sbM1kDdVWlIbaWIpv5yka-O3swsGYO6H-2y9Y0CCjocu5iD755qPX_Lw4M&amp;amp%3bamp%3bamp%3bfref=nf&amp;amp%3bamp%3bamp%3b__xts__%5b0%5d=68.ARCfleZPLGwYX5LUt4QpJuxLJYyGSthZh8UwvuvhZpkBoyV3LLE36xC-3_FSMbmLItXN4d22E3Y1rlaroQu9tCTya8xK2flFsVH2eT2BG9futewNpZoK6j_uZdl_OvsEWligbp90d3bgW37RjqSu9OoyDW8MHlAW089w-i3ZmlsyXXu9FQV8mYobT0vSM8L-Xdp38bBoHYgdJr1uadhAY2lOhQrS02Hr8fYhA3u_CXHrbAwZaKH7I6lQvaEcwornyuU6e_DH_KyHre_DcJQNfq05kxFzTw8_CyoeydHkA67J6UFui5zcfw\" \/>\n<meta property=\"article:modified_time\" content=\"2025-08-19T14:58:33+00:00\" \/>\n<meta property=\"og:image\" content=\"https:\/\/www.parc-marais-poitevin.fr\/wp-content\/uploads\/Capture-decran-2025-04-11-113942-1024x689.png\" \/>\n\t<meta property=\"og:image:width\" content=\"1024\" \/>\n\t<meta property=\"og:image:height\" content=\"689\" \/>\n\t<meta property=\"og:image:type\" content=\"image\/png\" \/>\n<meta name=\"twitter:card\" content=\"summary_large_image\" \/>\n<script type=\"application\/ld+json\" class=\"yoast-schema-graph\">{\"@context\":\"https:\\\/\\\/schema.org\",\"@graph\":[{\"@type\":\"WebPage\",\"@id\":\"https:\\\/\\\/www.parc-marais-poitevin.fr\\\/wp-content\\\/uploads\\\/Capture-decran-2025-04-11-113942.png\",\"url\":\"https:\\\/\\\/www.parc-marais-poitevin.fr\\\/wp-content\\\/uploads\\\/Capture-decran-2025-04-11-113942.png\",\"name\":\"Groupe de jeunes touristes faisant une pause gourmande sur la terrasse d'un bateau habitable \u00e9lectrique sur la S\u00e8vre niortaise - Parc naturel r\u00e9gional du Marais Poitevin\",\"isPartOf\":{\"@id\":\"http:\\\/\\\/www.parc-marais-poitevin.fr\\\/en\\\/#website\"},\"datePublished\":\"2025-04-11T09:45:23+00:00\",\"dateModified\":\"2025-08-19T14:58:33+00:00\",\"breadcrumb\":{\"@id\":\"https:\\\/\\\/www.parc-marais-poitevin.fr\\\/wp-content\\\/uploads\\\/Capture-decran-2025-04-11-113942.png#breadcrumb\"},\"inLanguage\":\"en-US\",\"potentialAction\":[{\"@type\":\"ReadAction\",\"target\":[\"https:\\\/\\\/www.parc-marais-poitevin.fr\\\/wp-content\\\/uploads\\\/Capture-decran-2025-04-11-113942.png\"]}]},{\"@type\":\"BreadcrumbList\",\"@id\":\"https:\\\/\\\/www.parc-marais-poitevin.fr\\\/wp-content\\\/uploads\\\/Capture-decran-2025-04-11-113942.png#breadcrumb\",\"itemListElement\":[{\"@type\":\"ListItem\",\"position\":1,\"name\":\"Accueil\",\"item\":\"http:\\\/\\\/www.parc-marais-poitevin.fr\\\/en\"},{\"@type\":\"ListItem\",\"position\":2,\"name\":\"River excursion in the Marais Poitevin\",\"item\":\"https:\\\/\\\/www.parc-marais-poitevin.fr\\\/en\\\/water-based-recreation\\\/expedition-fluviale-dans-le-marais-poitevin\"},{\"@type\":\"ListItem\",\"position\":3,\"name\":\"Groupe de jeunes touristes faisant une pause gourmande sur la terrasse d&#8217;un bateau habitable \u00e9lectrique sur la S\u00e8vre niortaise\"}]},{\"@type\":\"WebSite\",\"@id\":\"http:\\\/\\\/www.parc-marais-poitevin.fr\\\/en\\\/#website\",\"url\":\"http:\\\/\\\/www.parc-marais-poitevin.fr\\\/en\\\/\",\"name\":\"Parc naturel r\u00e9gional du Marais Poitevin\",\"description\":\"Partez \u00e0 la d\u00e9couverte du Parc naturel r\u00e9gional du Marais poitevin : activit\u00e9s, id\u00e9es de visites et conseils pour pr\u00e9parer votre s\u00e9jour.\",\"potentialAction\":[{\"@type\":\"SearchAction\",\"target\":{\"@type\":\"EntryPoint\",\"urlTemplate\":\"http:\\\/\\\/www.parc-marais-poitevin.fr\\\/en\\\/?s={search_term_string}\"},\"query-input\":{\"@type\":\"PropertyValueSpecification\",\"valueRequired\":true,\"valueName\":\"search_term_string\"}}],\"inLanguage\":\"en-US\"}]}<\/script>\n<!-- \/ Yoast SEO plugin. -->","yoast_head_json":{"title":"Groupe de jeunes touristes faisant une pause gourmande sur la terrasse d'un bateau habitable \u00e9lectrique sur la S\u00e8vre niortaise - Parc naturel r\u00e9gional du Marais Poitevin","robots":{"index":"noindex","follow":"follow"},"og_locale":"en_US","og_type":"article","og_title":"Groupe de jeunes touristes faisant une pause gourmande sur la terrasse d'un bateau habitable \u00e9lectrique sur la S\u00e8vre niortaise - Parc naturel r\u00e9gional du Marais Poitevin","og_description":"\u00a9Kryzalid pnr mp","og_url":"https:\/\/www.parc-marais-poitevin.fr\/wp-content\/uploads\/Capture-decran-2025-04-11-113942.png","og_site_name":"Parc naturel r\u00e9gional du Marais Poitevin","article_publisher":"https:\/\/www.facebook.com\/maraispoitevin\/?hc_ref=ARQeKb9V-sbM1kDdVWlIbaWIpv5yka-O3swsGYO6H-2y9Y0CCjocu5iD755qPX_Lw4M&amp%3bamp%3bamp%3bfref=nf&amp%3bamp%3bamp%3b__xts__%5b0%5d=68.ARCfleZPLGwYX5LUt4QpJuxLJYyGSthZh8UwvuvhZpkBoyV3LLE36xC-3_FSMbmLItXN4d22E3Y1rlaroQu9tCTya8xK2flFsVH2eT2BG9futewNpZoK6j_uZdl_OvsEWligbp90d3bgW37RjqSu9OoyDW8MHlAW089w-i3ZmlsyXXu9FQV8mYobT0vSM8L-Xdp38bBoHYgdJr1uadhAY2lOhQrS02Hr8fYhA3u_CXHrbAwZaKH7I6lQvaEcwornyuU6e_DH_KyHre_DcJQNfq05kxFzTw8_CyoeydHkA67J6UFui5zcfw","article_modified_time":"2025-08-19T14:58:33+00:00","og_image":[{"width":1024,"height":689,"url":"https:\/\/www.parc-marais-poitevin.fr\/wp-content\/uploads\/Capture-decran-2025-04-11-113942-1024x689.png","type":"image\/png"}],"twitter_card":"summary_large_image","schema":{"@context":"https:\/\/schema.org","@graph":[{"@type":"WebPage","@id":"https:\/\/www.parc-marais-poitevin.fr\/wp-content\/uploads\/Capture-decran-2025-04-11-113942.png","url":"https:\/\/www.parc-marais-poitevin.fr\/wp-content\/uploads\/Capture-decran-2025-04-11-113942.png","name":"Groupe de jeunes touristes faisant une pause gourmande sur la terrasse d'un bateau habitable \u00e9lectrique sur la S\u00e8vre niortaise - Parc naturel r\u00e9gional du Marais Poitevin","isPartOf":{"@id":"http:\/\/www.parc-marais-poitevin.fr\/en\/#website"},"datePublished":"2025-04-11T09:45:23+00:00","dateModified":"2025-08-19T14:58:33+00:00","breadcrumb":{"@id":"https:\/\/www.parc-marais-poitevin.fr\/wp-content\/uploads\/Capture-decran-2025-04-11-113942.png#breadcrumb"},"inLanguage":"en-US","potentialAction":[{"@type":"ReadAction","target":["https:\/\/www.parc-marais-poitevin.fr\/wp-content\/uploads\/Capture-decran-2025-04-11-113942.png"]}]},{"@type":"BreadcrumbList","@id":"https:\/\/www.parc-marais-poitevin.fr\/wp-content\/uploads\/Capture-decran-2025-04-11-113942.png#breadcrumb","itemListElement":[{"@type":"ListItem","position":1,"name":"Accueil","item":"http:\/\/www.parc-marais-poitevin.fr\/en"},{"@type":"ListItem","position":2,"name":"River excursion in the Marais Poitevin","item":"https:\/\/www.parc-marais-poitevin.fr\/en\/water-based-recreation\/expedition-fluviale-dans-le-marais-poitevin"},{"@type":"ListItem","position":3,"name":"Groupe de jeunes touristes faisant une pause gourmande sur la terrasse d&#8217;un bateau habitable \u00e9lectrique sur la S\u00e8vre niortaise"}]},{"@type":"WebSite","@id":"http:\/\/www.parc-marais-poitevin.fr\/en\/#website","url":"http:\/\/www.parc-marais-poitevin.fr\/en\/","name":"Parc naturel r\u00e9gional du Marais Poitevin","description":"Partez \u00e0 la d\u00e9couverte du Parc naturel r\u00e9gional du Marais poitevin : activit\u00e9s, id\u00e9es de visites et conseils pour pr\u00e9parer votre s\u00e9jour.","potentialAction":[{"@type":"SearchAction","target":{"@type":"EntryPoint","urlTemplate":"http:\/\/www.parc-marais-poitevin.fr\/en\/?s={search_term_string}"},"query-input":{"@type":"PropertyValueSpecification","valueRequired":true,"valueName":"search_term_string"}}],"inLanguage":"en-US"}]}},"description":{"rendered":"<p class=\"attachment\"><a href='https:\/\/www.parc-marais-poitevin.fr\/wp-content\/uploads\/Capture-decran-2025-04-11-113942.png'><img loading=\"lazy\" decoding=\"async\" width=\"300\" height=\"202\" src=\"https:\/\/www.parc-marais-poitevin.fr\/wp-content\/uploads\/Capture-decran-2025-04-11-113942-300x202.png\" class=\"attachment-medium size-medium\" alt=\"Groupe de jeunes touristes faisant une pause gourmande sur la terrasse d&#039;un bateau habitable \u00e9lectrique sur la S\u00e8vre niortaise\" srcset=\"https:\/\/www.parc-marais-poitevin.fr\/wp-content\/uploads\/Capture-decran-2025-04-11-113942-300x202.png 300w, https:\/\/www.parc-marais-poitevin.fr\/wp-content\/uploads\/Capture-decran-2025-04-11-113942-1024x689.png 1024w, https:\/\/www.parc-marais-poitevin.fr\/wp-content\/uploads\/Capture-decran-2025-04-11-113942-768x517.png 768w, https:\/\/www.parc-marais-poitevin.fr\/wp-content\/uploads\/Capture-decran-2025-04-11-113942-530x356.png 530w, https:\/\/www.parc-marais-poitevin.fr\/wp-content\/uploads\/Capture-decran-2025-04-11-113942.png 1290w\" sizes=\"auto, (max-width: 300px) 100vw, 300px\" \/><\/a><\/p>\n<p>\u00a9Kryzalid pnr mp<\/p>\n"},"caption":{"rendered":"<p>\u00a9Kryzalid pnr mp<\/p>\n"},"alt_text":"Groupe de jeunes touristes faisant une pause gourmande sur la terrasse d'un bateau habitable \u00e9lectrique sur la S\u00e8vre niortaise","media_type":"image","mime_type":"image\/png","media_details":{"width":1290,"height":868,"file":"Capture-decran-2025-04-11-113942.png","filesize":2351545,"sizes":{"medium":{"file":"Capture-decran-2025-04-11-113942-300x202.png","width":300,"height":202,"filesize":137689,"mime_type":"image\/png","source_url":"https:\/\/www.parc-marais-poitevin.fr\/wp-content\/uploads\/Capture-decran-2025-04-11-113942-300x202.png"},"large":{"file":"Capture-decran-2025-04-11-113942-1024x689.png","width":1024,"height":689,"filesize":1371787,"mime_type":"image\/png","source_url":"https:\/\/www.parc-marais-poitevin.fr\/wp-content\/uploads\/Capture-decran-2025-04-11-113942-1024x689.png"},"thumbnail":{"file":"Capture-decran-2025-04-11-113942-150x150.png","width":150,"height":150,"filesize":53472,"mime_type":"image\/png","source_url":"https:\/\/www.parc-marais-poitevin.fr\/wp-content\/uploads\/Capture-decran-2025-04-11-113942-150x150.png"},"medium_large":{"file":"Capture-decran-2025-04-11-113942-768x517.png","width":768,"height":517,"filesize":801951,"mime_type":"image\/png","source_url":"https:\/\/www.parc-marais-poitevin.fr\/wp-content\/uploads\/Capture-decran-2025-04-11-113942-768x517.png"},"profil":{"file":"Capture-decran-2025-04-11-113942-200x200.png","width":200,"height":200,"filesize":90918,"mime_type":"image\/png","source_url":"https:\/\/www.parc-marais-poitevin.fr\/wp-content\/uploads\/Capture-decran-2025-04-11-113942-200x200.png"},"530x356":{"file":"Capture-decran-2025-04-11-113942-530x356.png","width":530,"height":356,"filesize":398985,"mime_type":"image\/png","source_url":"https:\/\/www.parc-marais-poitevin.fr\/wp-content\/uploads\/Capture-decran-2025-04-11-113942-530x356.png"},"370x370":{"file":"Capture-decran-2025-04-11-113942-370x370.png","width":370,"height":370,"filesize":284870,"mime_type":"image\/png","source_url":"https:\/\/www.parc-marais-poitevin.fr\/wp-content\/uploads\/Capture-decran-2025-04-11-113942-370x370.png"},"825x464":{"file":"Capture-decran-2025-04-11-113942-825x464.png","width":825,"height":464,"filesize":791324,"mime_type":"image\/png","source_url":"https:\/\/www.parc-marais-poitevin.fr\/wp-content\/uploads\/Capture-decran-2025-04-11-113942-825x464.png"},"1920x610":{"file":"Capture-decran-2025-04-11-113942-1290x610.png","width":1290,"height":610,"filesize":1673634,"mime_type":"image\/png","source_url":"https:\/\/www.parc-marais-poitevin.fr\/wp-content\/uploads\/Capture-decran-2025-04-11-113942-1290x610.png"},"500x500":{"file":"Capture-decran-2025-04-11-113942-500x500.png","width":500,"height":500,"filesize":498793,"mime_type":"image\/png","source_url":"https:\/\/www.parc-marais-poitevin.fr\/wp-content\/uploads\/Capture-decran-2025-04-11-113942-500x500.png"},"full":{"file":"Capture-decran-2025-04-11-113942.png","width":1290,"height":868,"mime_type":"image\/png","source_url":"https:\/\/www.parc-marais-poitevin.fr\/wp-content\/uploads\/Capture-decran-2025-04-11-113942.png"}},"image_meta":{"aperture":"0","credit":"","camera":"","caption":"","created_timestamp":"0","copyright":"","focal_length":"0","iso":"0","shutter_speed":"0","title":"","orientation":"0","keywords":[]}},"post":3462837,"source_url":"https:\/\/www.parc-marais-poitevin.fr\/wp-content\/uploads\/Capture-decran-2025-04-11-113942.png","_links":{"self":[{"href":"https:\/\/www.parc-marais-poitevin.fr\/en\/wp-json\/wp\/v2\/media\/3463032","targetHints":{"allow":["GET"]}}],"collection":[{"href":"https:\/\/www.parc-marais-poitevin.fr\/en\/wp-json\/wp\/v2\/media"}],"about":[{"href":"https:\/\/www.parc-marais-poitevin.fr\/en\/wp-json\/wp\/v2\/types\/attachment"}],"author":[{"embeddable":true,"href":"https:\/\/www.parc-marais-poitevin.fr\/en\/wp-json\/wp\/v2\/users\/93"}],"replies":[{"embeddable":true,"href":"https:\/\/www.parc-marais-poitevin.fr\/en\/wp-json\/wp\/v2\/comments?post=3463032"}],"wp:attached-to":[{"embeddable":true,"post_type":"post","id":3462837,"href":"https:\/\/www.parc-marais-poitevin.fr\/en\/wp-json\/wp\/v2\/posts\/3462837"}],"curies":[{"name":"wp","href":"https:\/\/api.w.org\/{rel}","templated":true}]}}